{"id":736,"date":"2018-05-07T11:52:37","date_gmt":"2018-05-07T08:52:37","guid":{"rendered":"http:\/\/www.remet.ee\/?page_id=736"},"modified":"2018-05-07T11:52:37","modified_gmt":"2018-05-07T08:52:37","slug":"%d0%b6%d0%b8%d0%bb%d1%8b%d0%b5-%d0%b4%d0%be%d0%bc%d0%b0","status":"publish","type":"page","link":"http:\/\/www.remet.ee\/ru\/%d0%b2%d1%8b%d0%bf%d0%be%d0%bb%d0%bd%d0%b5%d0%bd%d0%bd%d1%8b%d0%b5-%d0%bf%d1%80%d0%be%d0%b5%d0%ba%d1%82%d1%8b\/%d0%b6%d0%b8%d0%bb%d1%8b%d0%b5-%d0%b4%d0%be%d0%bc%d0%b0\/","title":{"rendered":"\u0416\u0438\u043b\u044b\u0435 \u0434\u043e\u043c\u0430"},"content":{"rendered":"<div class=\"wpb-content-wrapper\">[vc_row][vc_column][vc_column_text]<div class=\"gallery-wrap\"><div class=\"gallery-image-container\"><a class=\"gallery_picture\" href=\"http:\/\/www.remet.ee\/wp-content\/uploads\/2021\/10\/Picture1.png\" data-fancybox=\"gallery-195\"><div class=\"gallery_picture-wrap\"><img decoding=\"async\" src=\"http:\/\/www.remet.ee\/wp-content\/uploads\/2021\/10\/Picture1-271x198.png\" \/><h3 class=\"gallery-title\">\u0416\u0438\u043b\u043e\u0439 \u0434\u043e\u043c Hane 4<\/h3><\/div><\/a><a class=\"gallery_picture\" href=\"http:\/\/www.remet.ee\/wp-content\/uploads\/2019\/04\/Paepargi-50.jpg\" data-fancybox=\"gallery-195\"><div class=\"gallery_picture-wrap\"><img decoding=\"async\" src=\"http:\/\/www.remet.ee\/wp-content\/uploads\/2019\/04\/Paepargi-50-271x198.jpg\" \/><h3 class=\"gallery-title\">\u0416\u0438\u043b\u044b\u0435 \u0434\u043e\u043c\u0430 Paepargi 50<\/h3><\/div><\/a><a class=\"gallery_picture\" href=\"http:\/\/www.remet.ee\/wp-content\/uploads\/2018\/04\/N1-H2-5.jpg\" data-fancybox=\"gallery-195\"><div class=\"gallery_picture-wrap\"><img decoding=\"async\" src=\"http:\/\/www.remet.ee\/wp-content\/uploads\/2018\/04\/N1-H2-5-271x198.jpg\" \/><h3 class=\"gallery-title\">\u0416\u0438\u043b\u043e\u0439 \u0434\u043e\u043c Nelgi p\u00f5ik 1 i H\u00fcatsindi tee 2<\/h3><\/div><\/a><a class=\"gallery_picture\" href=\"http:\/\/www.remet.ee\/wp-content\/uploads\/2018\/04\/1-2018.1-Ka\u0308rneri-2-ja-4-kortermaja-ehitusto\u0308o\u0308d.jpg\" data-fancybox=\"gallery-195\"><div class=\"gallery_picture-wrap\"><img decoding=\"async\" src=\"http:\/\/www.remet.ee\/wp-content\/uploads\/2018\/04\/1-2018.1-Ka\u0308rneri-2-ja-4-kortermaja-ehitusto\u0308o\u0308d-271x198.jpg\" \/><h3 class=\"gallery-title\">\u0416\u0438\u043b\u043e\u0439 \u0434\u043e\u043c K\u00e4rneri 2 \u0438 4<\/h3><\/div><\/a><a class=\"gallery_picture\" href=\"http:\/\/www.remet.ee\/wp-content\/uploads\/2018\/11\/city_viimsi_vald_nelgi_tee_5_1_2_1461923697375.jpg\" data-fancybox=\"gallery-195\"><div class=\"gallery_picture-wrap\"><img decoding=\"async\" src=\"http:\/\/www.remet.ee\/wp-content\/uploads\/2018\/11\/city_viimsi_vald_nelgi_tee_5_1_2_1461923697375-271x198.jpg\" \/><h3 class=\"gallery-title\">\u0416\u0438\u043b\u044b\u0435 \u0434\u043e\u043c\u0430 Nelgi tee 5 \u0438 H\u00fcatsindi tee 1<\/h3><\/div><\/a><a class=\"gallery_picture\" href=\"http:\/\/www.remet.ee\/wp-content\/uploads\/2018\/04\/3-2015.2-Ka\u0308rneri-6-1-ja-Ka\u0308rneri-6-2-kortermajad-ehitusto\u0308o\u0308d.jpg\" data-fancybox=\"gallery-195\"><div class=\"gallery_picture-wrap\"><img decoding=\"async\" src=\"http:\/\/www.remet.ee\/wp-content\/uploads\/2018\/04\/3-2015.2-Ka\u0308rneri-6-1-ja-Ka\u0308rneri-6-2-kortermajad-ehitusto\u0308o\u0308d-271x198.jpg\" \/><h3 class=\"gallery-title\">\u0416\u0438\u043b\u044b\u0435 \u0434\u043e\u043c\u0430 K\u00e4rneri 6-1 \u0438  K\u00e4rneri 6-2<\/h3><\/div><\/a><a class=\"gallery_picture\" href=\"http:\/\/www.remet.ee\/wp-content\/uploads\/2018\/04\/4-2007.5-Vabaduse-pst.-185-kortermajade-ehitusto\u0308o\u0308d.jpg\" data-fancybox=\"gallery-195\"><div class=\"gallery_picture-wrap\"><img decoding=\"async\" src=\"http:\/\/www.remet.ee\/wp-content\/uploads\/2018\/04\/4-2007.5-Vabaduse-pst.-185-kortermajade-ehitusto\u0308o\u0308d-271x198.jpg\" \/><h3 class=\"gallery-title\">\u0416\u0438\u043b\u043e\u0439 \u0434\u043e\u043c Vabaduse pst. 185<\/h3><\/div><\/a><a class=\"gallery_picture\" href=\"http:\/\/www.remet.ee\/wp-content\/uploads\/2018\/04\/5-2010.1-Juhkentali-15-kortermaja-ehitusto\u0308o\u0308d.jpg\" data-fancybox=\"gallery-195\"><div class=\"gallery_picture-wrap\"><img decoding=\"async\" src=\"http:\/\/www.remet.ee\/wp-content\/uploads\/2018\/04\/5-2010.1-Juhkentali-15-kortermaja-ehitusto\u0308o\u0308d-271x198.jpg\" \/><h3 class=\"gallery-title\">\u0416\u0438\u043b\u043e\u0439 \u0434\u043e\u043c Juhkentali 15<\/h3><\/div><\/a><a class=\"gallery_picture\" href=\"http:\/\/www.remet.ee\/wp-content\/uploads\/2018\/04\/6-2005.6-Suur-Kaare-45495357-kortermajade-ehitusto\u0308o\u0308d.jpg\" data-fancybox=\"gallery-195\"><div class=\"gallery_picture-wrap\"><img decoding=\"async\" src=\"http:\/\/www.remet.ee\/wp-content\/uploads\/2018\/04\/6-2005.6-Suur-Kaare-45495357-kortermajade-ehitusto\u0308o\u0308d-271x198.jpg\" \/><h3 class=\"gallery-title\">\u0416\u0438\u043b\u043e\u0439 \u0434\u043e\u043c Suur-Kaare<\/h3><\/div><\/a><a class=\"gallery_picture\" href=\"http:\/\/www.remet.ee\/wp-content\/uploads\/2018\/04\/7-2011.1-Pirita-tee-26c-kortermajade-ehitusto\u0308o\u0308d.jpg\" data-fancybox=\"gallery-195\"><div class=\"gallery_picture-wrap\"><img decoding=\"async\" src=\"http:\/\/www.remet.ee\/wp-content\/uploads\/2018\/04\/7-2011.1-Pirita-tee-26c-kortermajade-ehitusto\u0308o\u0308d-271x198.jpg\" \/><h3 class=\"gallery-title\">\u0416\u0438\u043b\u043e\u0439 \u0434\u043e\u043c Pirita tee 26c<\/h3><\/div><\/a><a class=\"gallery_picture\" href=\"http:\/\/www.remet.ee\/wp-content\/uploads\/2018\/03\/tatari-kodu.jpg\" data-fancybox=\"gallery-195\"><div class=\"gallery_picture-wrap\"><img decoding=\"async\" src=\"http:\/\/www.remet.ee\/wp-content\/uploads\/2018\/03\/tatari-kodu-271x198.jpg\" \/><h3 class=\"gallery-title\">\u0416\u0438\u043b\u043e\u0439 \u0434\u043e\u043c Uus-Tatari 12<\/h3><\/div><\/a><a class=\"gallery_picture\" href=\"http:\/\/www.remet.ee\/wp-content\/uploads\/2018\/04\/8-2005.5-Pikaliiva-korterelamurajooni-ehitusto\u0308o\u0308d.jpg\" data-fancybox=\"gallery-195\"><div class=\"gallery_picture-wrap\"><img decoding=\"async\" src=\"http:\/\/www.remet.ee\/wp-content\/uploads\/2018\/04\/8-2005.5-Pikaliiva-korterelamurajooni-ehitusto\u0308o\u0308d-271x198.jpg\" \/><h3 class=\"gallery-title\">\u0416\u0438\u043b\u043e\u0439 \u043a\u0432\u0430\u0440\u0442\u0430\u043b Pikaliiva<\/h3><\/div><\/a><a class=\"gallery_picture\" href=\"http:\/\/www.remet.ee\/wp-content\/uploads\/2018\/04\/9-2003.12-Loometsa-6-kortermaja-ehitusto\u0308o\u0308d.jpg\" data-fancybox=\"gallery-195\"><div class=\"gallery_picture-wrap\"><img decoding=\"async\" src=\"http:\/\/www.remet.ee\/wp-content\/uploads\/2018\/04\/9-2003.12-Loometsa-6-kortermaja-ehitusto\u0308o\u0308d-271x198.jpg\" \/><h3 class=\"gallery-title\">\u0416\u0438\u043b\u043e\u0439 \u0434\u043e\u043c Loometsa 6<\/h3><\/div><\/a><a class=\"gallery_picture\" href=\"http:\/\/www.remet.ee\/wp-content\/uploads\/2018\/04\/10-2007.1-Ka\u0308rneri-1-kortermaja-ehitusto\u0308o\u0308d.jpg\" data-fancybox=\"gallery-195\"><div class=\"gallery_picture-wrap\"><img decoding=\"async\" src=\"http:\/\/www.remet.ee\/wp-content\/uploads\/2018\/04\/10-2007.1-Ka\u0308rneri-1-kortermaja-ehitusto\u0308o\u0308d-271x198.jpg\" \/><h3 class=\"gallery-title\">\u0416\u0438\u043b\u043e\u0439 \u0434\u043e\u043c K\u00e4rneri 1<\/h3><\/div><\/a><a class=\"gallery_picture\" href=\"http:\/\/www.remet.ee\/wp-content\/uploads\/2018\/04\/11-2008.1-Ka\u0308rneri-3-kortermaja-ehitusto\u0308o\u0308d.jpg\" data-fancybox=\"gallery-195\"><div class=\"gallery_picture-wrap\"><img decoding=\"async\" src=\"http:\/\/www.remet.ee\/wp-content\/uploads\/2018\/04\/11-2008.1-Ka\u0308rneri-3-kortermaja-ehitusto\u0308o\u0308d-271x198.jpg\" \/><h3 class=\"gallery-title\">\u0416\u0438\u043b\u043e\u0439 \u0434\u043e\u043c K\u00e4rneri 3<\/h3><\/div><\/a><a class=\"gallery_picture\" href=\"http:\/\/www.remet.ee\/wp-content\/uploads\/2018\/04\/12-2013.2-Ka\u0308rneri-5-kortermaja-ehitusto\u0308o\u0308d.jpg\" data-fancybox=\"gallery-195\"><div class=\"gallery_picture-wrap\"><img decoding=\"async\" src=\"http:\/\/www.remet.ee\/wp-content\/uploads\/2018\/04\/12-2013.2-Ka\u0308rneri-5-kortermaja-ehitusto\u0308o\u0308d-271x198.jpg\" \/><h3 class=\"gallery-title\">\u0416\u0438\u043b\u043e\u0439 \u0434\u043e\u043c  K\u00e4rneri 5<\/h3><\/div><\/a><a class=\"gallery_picture\" href=\"http:\/\/www.remet.ee\/wp-content\/uploads\/2018\/04\/13-2005.7-Muraste-tee-3577a-kortermajade-ehitusto\u0308o\u0308d.jpg\" data-fancybox=\"gallery-195\"><div class=\"gallery_picture-wrap\"><img decoding=\"async\" src=\"http:\/\/www.remet.ee\/wp-content\/uploads\/2018\/04\/13-2005.7-Muraste-tee-3577a-kortermajade-ehitusto\u0308o\u0308d-271x198.jpg\" \/><h3 class=\"gallery-title\">\u0416\u0438\u043b\u043e\u0439 \u0434\u043e\u043c Muraste<\/h3><\/div><\/a><a class=\"gallery_picture\" href=\"http:\/\/www.remet.ee\/wp-content\/uploads\/2018\/04\/14-2007.2-Ku\u0308lma-tn-1-ridaelamute-ehitusto\u0308o\u0308d.jpg\" data-fancybox=\"gallery-195\"><div class=\"gallery_picture-wrap\"><img decoding=\"async\" src=\"http:\/\/www.remet.ee\/wp-content\/uploads\/2018\/04\/14-2007.2-Ku\u0308lma-tn-1-ridaelamute-ehitusto\u0308o\u0308d-271x198.jpg\" \/><h3 class=\"gallery-title\">\u0420\u044f\u0434\u043d\u044b\u0439 \u0434\u043e\u043c K\u00e4lma<\/h3><\/div><\/a><a class=\"gallery_picture\" href=\"http:\/\/www.remet.ee\/wp-content\/uploads\/2018\/04\/15-2000.9-Roopa-4a-kortermaja-ehitusto\u0308o\u0308d.png\" data-fancybox=\"gallery-195\"><div class=\"gallery_picture-wrap\"><img decoding=\"async\" src=\"http:\/\/www.remet.ee\/wp-content\/uploads\/2018\/04\/15-2000.9-Roopa-4a-kortermaja-ehitusto\u0308o\u0308d-271x198.png\" \/><h3 class=\"gallery-title\">\u0416\u0438\u043b\u043e\u0439 \u0434\u043e\u043c Roopa 4a<\/h3><\/div><\/a><a class=\"gallery_picture\" href=\"http:\/\/www.remet.ee\/wp-content\/uploads\/2018\/04\/16-2003.5-Po\u0303ldma-2-ja-Ko\u0303lviku-42-ridamajade-ehitusto\u0308o\u0308d.jpg\" data-fancybox=\"gallery-195\"><div class=\"gallery_picture-wrap\"><img decoding=\"async\" src=\"http:\/\/www.remet.ee\/wp-content\/uploads\/2018\/04\/16-2003.5-Po\u0303ldma-2-ja-Ko\u0303lviku-42-ridamajade-ehitusto\u0308o\u0308d-271x198.jpg\" \/><h3 class=\"gallery-title\">\u0420\u044f\u0434\u043d\u044b\u0435 \u0434\u043e\u043c\u0430 P\u00f5ldma 2 \u0438 K\u00f5lviku 42<\/h3><\/div><\/a><a class=\"gallery_picture\" href=\"http:\/\/www.remet.ee\/wp-content\/uploads\/2018\/04\/17-2004.5-Udeselja-4-ridamajade-ehitusto\u0308o\u0308d.png\" data-fancybox=\"gallery-195\"><div class=\"gallery_picture-wrap\"><img decoding=\"async\" src=\"http:\/\/www.remet.ee\/wp-content\/uploads\/2018\/04\/17-2004.5-Udeselja-4-ridamajade-ehitusto\u0308o\u0308d-271x198.png\" \/><h3 class=\"gallery-title\">\u0420\u044f\u0434\u043d\u044b\u0439 \u0434\u043e\u043c Udeselja 4<\/h3><\/div><\/a><a class=\"gallery_picture\" href=\"http:\/\/www.remet.ee\/wp-content\/uploads\/2018\/04\/18-1998.16-Wismari-35a-ehitusto\u0308o\u0308d.jpg\" data-fancybox=\"gallery-195\"><div class=\"gallery_picture-wrap\"><img decoding=\"async\" src=\"http:\/\/www.remet.ee\/wp-content\/uploads\/2018\/04\/18-1998.16-Wismari-35a-ehitusto\u0308o\u0308d-271x198.jpg\" \/><h3 class=\"gallery-title\">\u0416\u0438\u043b\u043e\u0439 \u0434\u043e\u043c Wismari 35a<\/h3><\/div><\/a><a class=\"gallery_picture\" href=\"http:\/\/www.remet.ee\/wp-content\/uploads\/2018\/04\/19-1999.4-Pikk-tn-30-renoveerimisto\u0308o\u0308d.jpg\" data-fancybox=\"gallery-195\"><div class=\"gallery_picture-wrap\"><img decoding=\"async\" src=\"http:\/\/www.remet.ee\/wp-content\/uploads\/2018\/04\/19-1999.4-Pikk-tn-30-renoveerimisto\u0308o\u0308d-271x198.jpg\" \/><h3 class=\"gallery-title\">\u0420\u0435\u0441\u0442\u0430\u0432\u0440\u0430\u0446\u0438\u044f \u0437\u0434\u0430\u043d\u0438\u044f \u043d\u0430 \u0443\u043b\u0438\u0446\u0435 Pikk 30<\/h3><\/div><\/a><a class=\"gallery_picture\" href=\"http:\/\/www.remet.ee\/wp-content\/uploads\/2018\/04\/20-...-Eramu-ehitusto\u0308o\u0308d-Puki-ta\u0308naval.jpg\" data-fancybox=\"gallery-195\"><div class=\"gallery_picture-wrap\"><img decoding=\"async\" src=\"http:\/\/www.remet.ee\/wp-content\/uploads\/2018\/04\/20-...-Eramu-ehitusto\u0308o\u0308d-Puki-ta\u0308naval-271x198.jpg\" \/><h3 class=\"gallery-title\">\u0427\u0430\u0441\u0442\u043d\u044b\u0439 \u0434\u043e\u043c \u043d\u0430 \u0443\u043b\u0438\u0446\u0435 Puki<\/h3><\/div><\/a><\/div><div class=\"clr\"><\/div><\/div>[\/vc_column_text][\/vc_column][\/vc_row]\n<\/div>","protected":false},"excerpt":{"rendered":"<p>[vc_row][vc_column][vc_column_text][\/vc_column_text][\/vc_column][\/vc_row]<\/p>\n","protected":false},"author":1,"featured_media":0,"parent":730,"menu_order":0,"comment_status":"closed","ping_status":"closed","template":"","meta":{"_acf_changed":false,"footnotes":""},"class_list":["post-736","page","type-page","status-publish","hentry"],"acf":[],"yoast_head":"<!-- This site is optimized with the Yoast SEO plugin v25.6 - https:\/\/yoast.com\/wordpress\/plugins\/seo\/ -->\n<title>REMET EHITUSETTEV\u00d5TE - \u0416\u0438\u043b\u044b\u0435 \u0434\u043e\u043c\u0430 - AS Remet<\/title>\n<meta name=\"description\" content=\"Remet ehitus on ehitusettev\u00f5te, mis on loodud 1990. aastal. AS Remet pakub koos oma inseneridest koosneva meeskonnaga juhtimist ehituse peat\u00f6\u00f6v\u00f5tu meetodil k.a. projekteerimis-ehituse peat\u00f6\u00f6v\u00f5tt.\" \/>\n<meta name=\"robots\" content=\"index, follow, max-snippet:-1, max-image-preview:large, max-video-preview:-1\" \/>\n<link rel=\"canonical\" href=\"http:\/\/www.remet.ee\/tehtud-tood\/kortermajad\/\" \/>\n<meta property=\"og:locale\" content=\"ru_RU\" \/>\n<meta property=\"og:type\" content=\"article\" \/>\n<meta property=\"og:title\" content=\"REMET EHITUSETTEV\u00d5TE - \u0416\u0438\u043b\u044b\u0435 \u0434\u043e\u043c\u0430 - AS Remet\" \/>\n<meta property=\"og:description\" content=\"Remet ehitus on ehitusettev\u00f5te, mis on loodud 1990. aastal. AS Remet pakub koos oma inseneridest koosneva meeskonnaga juhtimist ehituse peat\u00f6\u00f6v\u00f5tu meetodil k.a. projekteerimis-ehituse peat\u00f6\u00f6v\u00f5tt.\" \/>\n<meta property=\"og:url\" content=\"http:\/\/www.remet.ee\/tehtud-tood\/kortermajad\/\" \/>\n<meta property=\"og:site_name\" content=\"REMET EHITUSETTEV\u00d5TE\" \/>\n<meta name=\"twitter:card\" content=\"summary_large_image\" \/>\n<script type=\"application\/ld+json\" class=\"yoast-schema-graph\">{\"@context\":\"https:\/\/schema.org\",\"@graph\":[{\"@type\":\"WebPage\",\"@id\":\"http:\/\/www.remet.ee\/tehtud-tood\/kortermajad\/\",\"url\":\"http:\/\/www.remet.ee\/tehtud-tood\/kortermajad\/\",\"name\":\"REMET EHITUSETTEV\u00d5TE - \u0416\u0438\u043b\u044b\u0435 \u0434\u043e\u043c\u0430 - AS Remet\",\"isPartOf\":{\"@id\":\"http:\/\/www.remet.ee\/#website\"},\"datePublished\":\"2018-05-07T08:52:37+00:00\",\"description\":\"Remet ehitus on ehitusettev\u00f5te, mis on loodud 1990. aastal. AS Remet pakub koos oma inseneridest koosneva meeskonnaga juhtimist ehituse peat\u00f6\u00f6v\u00f5tu meetodil k.a. projekteerimis-ehituse peat\u00f6\u00f6v\u00f5tt.\",\"breadcrumb\":{\"@id\":\"http:\/\/www.remet.ee\/tehtud-tood\/kortermajad\/#breadcrumb\"},\"inLanguage\":\"ru-RU\",\"potentialAction\":[{\"@type\":\"ReadAction\",\"target\":[\"http:\/\/www.remet.ee\/tehtud-tood\/kortermajad\/\"]}]},{\"@type\":\"BreadcrumbList\",\"@id\":\"http:\/\/www.remet.ee\/tehtud-tood\/kortermajad\/#breadcrumb\",\"itemListElement\":[{\"@type\":\"ListItem\",\"position\":1,\"name\":\"Home\",\"item\":\"http:\/\/www.remet.ee\/\"},{\"@type\":\"ListItem\",\"position\":2,\"name\":\"\u0412\u044b\u043f\u043e\u043b\u043d\u0435\u043d\u043d\u044b\u0435 \u043f\u0440\u043e\u0435\u043a\u0442\u044b\",\"item\":\"http:\/\/www.remet.ee\/tehtud-tood\/\"},{\"@type\":\"ListItem\",\"position\":3,\"name\":\"\u0416\u0438\u043b\u044b\u0435 \u0434\u043e\u043c\u0430\"}]},{\"@type\":\"WebSite\",\"@id\":\"http:\/\/www.remet.ee\/#website\",\"url\":\"http:\/\/www.remet.ee\/\",\"name\":\"REMET EHITUSETTEV\u00d5TE\",\"description\":\"Ehitusettev\u00f5te Remet omab kogemust ehituses aastast 1989\",\"potentialAction\":[{\"@type\":\"SearchAction\",\"target\":{\"@type\":\"EntryPoint\",\"urlTemplate\":\"http:\/\/www.remet.ee\/?s={search_term_string}\"},\"query-input\":{\"@type\":\"PropertyValueSpecification\",\"valueRequired\":true,\"valueName\":\"search_term_string\"}}],\"inLanguage\":\"ru-RU\"}]}<\/script>\n<!-- \/ Yoast SEO plugin. -->","yoast_head_json":{"title":"REMET EHITUSETTEV\u00d5TE - \u0416\u0438\u043b\u044b\u0435 \u0434\u043e\u043c\u0430 - AS Remet","description":"Remet ehitus on ehitusettev\u00f5te, mis on loodud 1990. aastal. AS Remet pakub koos oma inseneridest koosneva meeskonnaga juhtimist ehituse peat\u00f6\u00f6v\u00f5tu meetodil k.a. projekteerimis-ehituse peat\u00f6\u00f6v\u00f5tt.","robots":{"index":"index","follow":"follow","max-snippet":"max-snippet:-1","max-image-preview":"max-image-preview:large","max-video-preview":"max-video-preview:-1"},"canonical":"http:\/\/www.remet.ee\/tehtud-tood\/kortermajad\/","og_locale":"ru_RU","og_type":"article","og_title":"REMET EHITUSETTEV\u00d5TE - \u0416\u0438\u043b\u044b\u0435 \u0434\u043e\u043c\u0430 - AS Remet","og_description":"Remet ehitus on ehitusettev\u00f5te, mis on loodud 1990. aastal. AS Remet pakub koos oma inseneridest koosneva meeskonnaga juhtimist ehituse peat\u00f6\u00f6v\u00f5tu meetodil k.a. projekteerimis-ehituse peat\u00f6\u00f6v\u00f5tt.","og_url":"http:\/\/www.remet.ee\/tehtud-tood\/kortermajad\/","og_site_name":"REMET EHITUSETTEV\u00d5TE","twitter_card":"summary_large_image","schema":{"@context":"https:\/\/schema.org","@graph":[{"@type":"WebPage","@id":"http:\/\/www.remet.ee\/tehtud-tood\/kortermajad\/","url":"http:\/\/www.remet.ee\/tehtud-tood\/kortermajad\/","name":"REMET EHITUSETTEV\u00d5TE - \u0416\u0438\u043b\u044b\u0435 \u0434\u043e\u043c\u0430 - AS Remet","isPartOf":{"@id":"http:\/\/www.remet.ee\/#website"},"datePublished":"2018-05-07T08:52:37+00:00","description":"Remet ehitus on ehitusettev\u00f5te, mis on loodud 1990. aastal. AS Remet pakub koos oma inseneridest koosneva meeskonnaga juhtimist ehituse peat\u00f6\u00f6v\u00f5tu meetodil k.a. projekteerimis-ehituse peat\u00f6\u00f6v\u00f5tt.","breadcrumb":{"@id":"http:\/\/www.remet.ee\/tehtud-tood\/kortermajad\/#breadcrumb"},"inLanguage":"ru-RU","potentialAction":[{"@type":"ReadAction","target":["http:\/\/www.remet.ee\/tehtud-tood\/kortermajad\/"]}]},{"@type":"BreadcrumbList","@id":"http:\/\/www.remet.ee\/tehtud-tood\/kortermajad\/#breadcrumb","itemListElement":[{"@type":"ListItem","position":1,"name":"Home","item":"http:\/\/www.remet.ee\/"},{"@type":"ListItem","position":2,"name":"\u0412\u044b\u043f\u043e\u043b\u043d\u0435\u043d\u043d\u044b\u0435 \u043f\u0440\u043e\u0435\u043a\u0442\u044b","item":"http:\/\/www.remet.ee\/tehtud-tood\/"},{"@type":"ListItem","position":3,"name":"\u0416\u0438\u043b\u044b\u0435 \u0434\u043e\u043c\u0430"}]},{"@type":"WebSite","@id":"http:\/\/www.remet.ee\/#website","url":"http:\/\/www.remet.ee\/","name":"REMET EHITUSETTEV\u00d5TE","description":"Ehitusettev\u00f5te Remet omab kogemust ehituses aastast 1989","potentialAction":[{"@type":"SearchAction","target":{"@type":"EntryPoint","urlTemplate":"http:\/\/www.remet.ee\/?s={search_term_string}"},"query-input":{"@type":"PropertyValueSpecification","valueRequired":true,"valueName":"search_term_string"}}],"inLanguage":"ru-RU"}]}},"_links":{"self":[{"href":"http:\/\/www.remet.ee\/ru\/wp-json\/wp\/v2\/pages\/736"}],"collection":[{"href":"http:\/\/www.remet.ee\/ru\/wp-json\/wp\/v2\/pages"}],"about":[{"href":"http:\/\/www.remet.ee\/ru\/wp-json\/wp\/v2\/types\/page"}],"author":[{"embeddable":true,"href":"http:\/\/www.remet.ee\/ru\/wp-json\/wp\/v2\/users\/1"}],"replies":[{"embeddable":true,"href":"http:\/\/www.remet.ee\/ru\/wp-json\/wp\/v2\/comments?post=736"}],"version-history":[{"count":2,"href":"http:\/\/www.remet.ee\/ru\/wp-json\/wp\/v2\/pages\/736\/revisions"}],"predecessor-version":[{"id":738,"href":"http:\/\/www.remet.ee\/ru\/wp-json\/wp\/v2\/pages\/736\/revisions\/738"}],"up":[{"embeddable":true,"href":"http:\/\/www.remet.ee\/ru\/wp-json\/wp\/v2\/pages\/730"}],"wp:attachment":[{"href":"http:\/\/www.remet.ee\/ru\/wp-json\/wp\/v2\/media?parent=736"}],"curies":[{"name":"wp","href":"https:\/\/api.w.org\/{rel}","templated":true}]}}