{"id":748,"date":"2018-05-07T11:54:30","date_gmt":"2018-05-07T08:54:30","guid":{"rendered":"http:\/\/www.remet.ee\/?page_id=748"},"modified":"2018-05-07T11:54:30","modified_gmt":"2018-05-07T08:54:30","slug":"%d0%be%d0%b1%d1%89%d0%b5%d1%81%d1%82%d0%b2%d0%b5%d0%bd%d0%bd%d1%8b%d0%b5-%d0%b7%d0%b4%d0%b0%d0%bd%d0%b8%d1%8f","status":"publish","type":"page","link":"http:\/\/www.remet.ee\/ru\/%d0%b2%d1%8b%d0%bf%d0%be%d0%bb%d0%bd%d0%b5%d0%bd%d0%bd%d1%8b%d0%b5-%d0%bf%d1%80%d0%be%d0%b5%d0%ba%d1%82%d1%8b\/%d0%be%d0%b1%d1%89%d0%b5%d1%81%d1%82%d0%b2%d0%b5%d0%bd%d0%bd%d1%8b%d0%b5-%d0%b7%d0%b4%d0%b0%d0%bd%d0%b8%d1%8f\/","title":{"rendered":"\u041e\u0431\u0449\u0435\u0441\u0442\u0432\u0435\u043d\u043d\u044b\u0435 \u0437\u0434\u0430\u043d\u0438\u044f"},"content":{"rendered":"<div class=\"gallery-wrap\"><div class=\"gallery-image-container\"><a class=\"gallery_picture\" href=\"http:\/\/www.remet.ee\/wp-content\/uploads\/2018\/04\/1-2001.3-Kaubanduskeskus-Narva-Centrumi-ehitusto\u0308o\u0308d.jpg\" data-fancybox=\"gallery-448\"><div class=\"gallery_picture-wrap\"><img decoding=\"async\" src=\"http:\/\/www.remet.ee\/wp-content\/uploads\/2018\/04\/1-2001.3-Kaubanduskeskus-Narva-Centrumi-ehitusto\u0308o\u0308d-271x198.jpg\" \/><h3 class=\"gallery-title\">\u0421\u0442\u043e\u0440\u043e\u0438\u0442\u0435\u043b\u044c\u043d\u044b\u0435 \u0440\u0430\u0431\u043e\u0442\u044b \u0442\u043e\u0440\u0433\u043e\u0432\u043e\u0433\u043e \u0446\u0435\u043d\u0442\u0440\u0430 NarvaCentrum<\/h3><\/div><\/a><a class=\"gallery_picture\" href=\"http:\/\/www.remet.ee\/wp-content\/uploads\/2018\/04\/2-2003.2-Pa\u0308rnu-Kontserdimaja-ehitusto\u0308o\u0308d.jpg\" data-fancybox=\"gallery-448\"><div class=\"gallery_picture-wrap\"><img decoding=\"async\" src=\"http:\/\/www.remet.ee\/wp-content\/uploads\/2018\/04\/2-2003.2-Pa\u0308rnu-Kontserdimaja-ehitusto\u0308o\u0308d-271x198.jpg\" \/><h3 class=\"gallery-title\">\u0421\u0442\u043e\u0440\u043e\u0438\u0442\u0435\u043b\u044c\u043d\u044b\u0435 \u0440\u0430\u0431\u043e\u0442\u044b \u041a\u043e\u043d\u0446\u0435\u0440\u0442\u0433\u043e\u0448\u043e \u0434\u043e\u043c\u0430 \u041f\u044f\u0440\u043d\u0443<\/h3><\/div><\/a><a class=\"gallery_picture\" href=\"http:\/\/www.remet.ee\/wp-content\/uploads\/2018\/04\/3-2008.4-Kiek-in-de-KO\u0308K-rekonstrueeristo\u0308o\u0308d.jpg\" data-fancybox=\"gallery-448\"><div class=\"gallery_picture-wrap\"><img decoding=\"async\" src=\"http:\/\/www.remet.ee\/wp-content\/uploads\/2018\/04\/3-2008.4-Kiek-in-de-KO\u0308K-rekonstrueeristo\u0308o\u0308d-271x198.jpg\" \/><h3 class=\"gallery-title\">\u0420\u0435\u0441\u0442\u0430\u0432\u0440\u0430\u0446\u0438\u044f Kiek in de K\u00d6K<\/h3><\/div><\/a><a class=\"gallery_picture\" href=\"http:\/\/www.remet.ee\/wp-content\/uploads\/2018\/04\/4-2002.16-RMK-Metsameeste-Kodu-ehitusto\u0308o\u0308d.jpg\" data-fancybox=\"gallery-448\"><div class=\"gallery_picture-wrap\"><img decoding=\"async\" src=\"http:\/\/www.remet.ee\/wp-content\/uploads\/2018\/04\/4-2002.16-RMK-Metsameeste-Kodu-ehitusto\u0308o\u0308d-271x198.jpg\" \/><h3 class=\"gallery-title\">\u0421\u0442\u043e\u0440\u043e\u0438\u0442\u0435\u043b\u044c\u043d\u044b\u0435 \u0440\u0430\u0431\u043e\u0442\u044b \u0434\u043e\u043c\u0430 \u043b\u0435\u0441\u043d\u0438\u043a\u0430 \u043e\u0442 \u0426\u0435\u043d\u0442\u0440\u0430 \u0423\u043f\u0440\u0430\u0432\u043b\u0435\u043d\u0438\u044f \u0413\u043e\u0441\u0443\u0434\u0430\u0440\u0441\u0442\u0432\u0435\u043d\u043d\u044b\u043c\u0438 \u041b\u0435\u0441\u0430\u043c\u0438  <\/h3><\/div><\/a><a class=\"gallery_picture\" href=\"http:\/\/www.remet.ee\/wp-content\/uploads\/2018\/04\/4-2017.2-Kuresaare-Avatud-Noorekeskus-rekonstrueerimisto\u0308o\u0308d.jpg\" data-fancybox=\"gallery-448\"><div class=\"gallery_picture-wrap\"><img decoding=\"async\" src=\"http:\/\/www.remet.ee\/wp-content\/uploads\/2018\/04\/4-2017.2-Kuresaare-Avatud-Noorekeskus-rekonstrueerimisto\u0308o\u0308d-271x198.jpg\" \/><h3 class=\"gallery-title\">\u0420\u0435\u043a\u043e\u043d\u0441\u0442\u0440\u0443\u043a\u0446\u0438\u044f \u043e\u0442\u043a\u0440\u044b\u0442\u043e\u0433\u043e \u043c\u043e\u043b\u043e\u0434\u0451\u0436\u043d\u043e\u0433\u043e \u0446\u0435\u043d\u0442\u0440\u0430 \u041a\u0443\u0440\u0435\u0441\u0441\u0430\u0430\u0440\u0435<\/h3><\/div><\/a><a class=\"gallery_picture\" href=\"http:\/\/www.remet.ee\/wp-content\/uploads\/2018\/04\/5-2002.7-Tallinna-Politseiprefektuuri-Keslinna-Politseiosakonna-hoone-renoveermisto\u0308o\u0308d.jpg\" data-fancybox=\"gallery-448\"><div class=\"gallery_picture-wrap\"><img decoding=\"async\" src=\"http:\/\/www.remet.ee\/wp-content\/uploads\/2018\/04\/5-2002.7-Tallinna-Politseiprefektuuri-Keslinna-Politseiosakonna-hoone-renoveermisto\u0308o\u0308d-271x198.jpg\" \/><h3 class=\"gallery-title\">\u0420\u0435\u043d\u043e\u0432\u0430\u0446\u0438\u044f \u0422\u0430\u043b\u043b\u0438\u043d\u0441\u043a\u043e\u0433\u043e \u0446\u0435\u043d\u0442\u0440\u0430\u043b\u044c\u043d\u043e\u0433\u043e \u043f\u043e\u043b\u0438\u0446\u0435\u0439\u0441\u043a\u043e\u0433\u043e \u0443\u0447\u0430\u0441\u0442\u043a\u0430<\/h3><\/div><\/a><a class=\"gallery_picture\" href=\"http:\/\/www.remet.ee\/wp-content\/uploads\/2018\/04\/6-2015.3-Viru-keskuse-bussiterminal-remontto\u0308o\u0308d.jpg\" data-fancybox=\"gallery-448\"><div class=\"gallery_picture-wrap\"><img decoding=\"async\" src=\"http:\/\/www.remet.ee\/wp-content\/uploads\/2018\/04\/6-2015.3-Viru-keskuse-bussiterminal-remontto\u0308o\u0308d-271x198.jpg\" \/><h3 class=\"gallery-title\">\u0421\u0442\u043e\u0440\u043e\u0438\u0442\u0435\u043b\u044c\u043d\u044b\u0435 \u0440\u0430\u0431\u043e\u0442\u044b \u0430\u0432\u0442\u043e\u0431\u0443\u0441\u043d\u043e\u0433\u043e \u0442\u0435\u0440\u043c\u0438\u043d\u0430\u043b\u0430 \u0432 \u0442\u043e\u0440\u0433\u043e\u0432\u043e\u043c \u0446\u0435\u043d\u0442\u0440 \u0412\u0438\u0440\u0443<\/h3><\/div><\/a><a class=\"gallery_picture\" href=\"http:\/\/www.remet.ee\/wp-content\/uploads\/2018\/04\/7-2004.1-Reval-Hotel-Centrali-6.-korruse-pealeehitusto\u0308o\u0308d.jpg\" data-fancybox=\"gallery-448\"><div class=\"gallery_picture-wrap\"><img decoding=\"async\" src=\"http:\/\/www.remet.ee\/wp-content\/uploads\/2018\/04\/7-2004.1-Reval-Hotel-Centrali-6.-korruse-pealeehitusto\u0308o\u0308d-271x198.jpg\" \/><h3 class=\"gallery-title\">\u041d\u0430\u0434\u0441\u0442\u0440\u043e\u0439\u043a\u0430 6-\u0433\u043e \u044d\u0442\u0430\u0436\u0430 \u0432 \u043e\u0442\u0435\u043b\u0435 Reval Hotel Central<\/h3><\/div><\/a><a class=\"gallery_picture\" href=\"http:\/\/www.remet.ee\/wp-content\/uploads\/2018\/04\/8-2016.3-Filtri-tee-so\u0303java\u0308e-linnakus-rekonstrueerimisto\u0308o\u0308d.png\" data-fancybox=\"gallery-448\"><div class=\"gallery_picture-wrap\"><img decoding=\"async\" src=\"http:\/\/www.remet.ee\/wp-content\/uploads\/2018\/04\/8-2016.3-Filtri-tee-so\u0303java\u0308e-linnakus-rekonstrueerimisto\u0308o\u0308d-271x198.png\" \/><h3 class=\"gallery-title\">\u0420\u0435\u043a\u043e\u043d\u0441\u0442\u0440\u0443\u043a\u0446\u0438\u044f \u0432\u043e\u0435\u043d\u043d\u043e\u0433\u043e \u0433\u043e\u0440\u043e\u0434\u043a\u0430 \u043d\u0430 \u0443\u043b\u0438\u0446\u0435 Filtri<\/h3><\/div><\/a><a class=\"gallery_picture\" href=\"http:\/\/www.remet.ee\/wp-content\/uploads\/2018\/04\/9-1998.1-Eesti-Rahvusramatukogu-remontto\u0308o\u0308d.jpg\" data-fancybox=\"gallery-448\"><div class=\"gallery_picture-wrap\"><img decoding=\"async\" src=\"http:\/\/www.remet.ee\/wp-content\/uploads\/2018\/04\/9-1998.1-Eesti-Rahvusramatukogu-remontto\u0308o\u0308d-271x198.jpg\" \/><h3 class=\"gallery-title\">\u0420\u0435\u043c\u043e\u043d\u0442\u043d\u044b\u0435 \u0440\u0430\u0431\u043e\u0442\u044b \u042d\u0441\u0442\u043e\u043d\u0441\u043a\u043e\u0439 \u041d\u0430\u0446\u0438\u043e\u043d\u0430\u043b\u044c\u043d\u043e\u0439 \u0431\u0438\u0431\u043b\u0438\u043e\u0442\u0435\u043a\u0438<\/h3><\/div><\/a><a class=\"gallery_picture\" href=\"http:\/\/www.remet.ee\/wp-content\/uploads\/2018\/04\/10-2002.5-Pa\u0308rnu-Uue-Kunsti-Muuseumi-juurdeehitus.jpg\" data-fancybox=\"gallery-448\"><div class=\"gallery_picture-wrap\"><img decoding=\"async\" src=\"http:\/\/www.remet.ee\/wp-content\/uploads\/2018\/04\/10-2002.5-Pa\u0308rnu-Uue-Kunsti-Muuseumi-juurdeehitus-271x198.jpg\" \/><h3 class=\"gallery-title\">\u041f\u0440\u0438\u0441\u0442\u0440\u043e\u0439\u043a\u0430 \u043a \u041c\u0443\u0437\u0435\u044e \u043d\u043e\u0432\u043e\u0433\u043e \u0438\u0441\u043a\u0443\u0441\u0441\u0442\u0432\u0430 \u0432 \u041f\u044f\u0440\u043d\u0443<\/h3><\/div><\/a><a class=\"gallery_picture\" href=\"http:\/\/www.remet.ee\/wp-content\/uploads\/2018\/04\/11-1998.11-Tallinna-Raekoja-restaureerimisto\u0308o\u0308d.jpg\" data-fancybox=\"gallery-448\"><div class=\"gallery_picture-wrap\"><img decoding=\"async\" src=\"http:\/\/www.remet.ee\/wp-content\/uploads\/2018\/04\/11-1998.11-Tallinna-Raekoja-restaureerimisto\u0308o\u0308d-271x198.jpg\" \/><h3 class=\"gallery-title\">\u0420\u0435\u0441\u0442\u0430\u0432\u0440\u0430\u0446\u0438\u044f \u0422\u0430\u043b\u043b\u0438\u043d\u0441\u043a\u043e\u0439 \u0440\u0430\u0442\u0443\u0448\u0438<\/h3><\/div><\/a><a class=\"gallery_picture\" href=\"http:\/\/www.remet.ee\/wp-content\/uploads\/2018\/04\/12-2015.5-ETV-stuudio-ehitusto\u0308o\u0308d.jpg\" data-fancybox=\"gallery-448\"><div class=\"gallery_picture-wrap\"><img decoding=\"async\" src=\"http:\/\/www.remet.ee\/wp-content\/uploads\/2018\/04\/12-2015.5-ETV-stuudio-ehitusto\u0308o\u0308d-271x198.jpg\" \/><h3 class=\"gallery-title\">\u0421\u0442\u043e\u0440\u043e\u0438\u0442\u0435\u043b\u044c\u043d\u044b\u0435 \u0440\u0430\u0431\u043e\u0442\u044b \u0441\u0442\u0443\u0434\u0438\u0438 ETV+<\/h3><\/div><\/a><a class=\"gallery_picture\" href=\"http:\/\/www.remet.ee\/wp-content\/uploads\/2018\/04\/13-2015.7-Tahkuna-Tuletorni-rekonstrueerimisto\u0308o\u0308d.jpg\" data-fancybox=\"gallery-448\"><div class=\"gallery_picture-wrap\"><img decoding=\"async\" src=\"http:\/\/www.remet.ee\/wp-content\/uploads\/2018\/04\/13-2015.7-Tahkuna-Tuletorni-rekonstrueerimisto\u0308o\u0308d-271x198.jpg\" \/><h3 class=\"gallery-title\">\u0420\u0435\u043a\u043e\u043d\u0441\u0442\u0440\u0443\u043a\u0446\u0438\u044f \u043c\u0430\u044f\u043a\u0430 Tahkuna<\/h3><\/div><\/a><a class=\"gallery_picture\" href=\"http:\/\/www.remet.ee\/wp-content\/uploads\/2018\/04\/14-2002.4-Kadaka-tee-Sa\u0308a\u0308stumarketi-ehitusto\u0308o\u0308d.jpg\" data-fancybox=\"gallery-448\"><div class=\"gallery_picture-wrap\"><img decoding=\"async\" src=\"http:\/\/www.remet.ee\/wp-content\/uploads\/2018\/04\/14-2002.4-Kadaka-tee-Sa\u0308a\u0308stumarketi-ehitusto\u0308o\u0308d-271x198.jpg\" \/><h3 class=\"gallery-title\">\u0421\u0442\u043e\u0440\u043e\u0438\u0442\u0435\u043b\u044c\u043d\u044b\u0435 \u0440\u0430\u0431\u043e\u0442\u044b \u043c\u0430\u0433\u0430\u0437\u0438\u043d\u0430 S\u00e4\u00e4stumarket \u043d\u0430  \u0443\u043b\u0438\u0446\u0435 Kadaka<\/h3><\/div><\/a><a class=\"gallery_picture\" href=\"http:\/\/www.remet.ee\/wp-content\/uploads\/2018\/04\/15-2002.6-Vaivara-Vallamaja-renoveermisto\u0308o\u0308d.jpg\" data-fancybox=\"gallery-448\"><div class=\"gallery_picture-wrap\"><img decoding=\"async\" src=\"http:\/\/www.remet.ee\/wp-content\/uploads\/2018\/04\/15-2002.6-Vaivara-Vallamaja-renoveermisto\u0308o\u0308d-271x198.jpg\" \/><h3 class=\"gallery-title\">\u0420\u0435\u043d\u043e\u0432\u0430\u0446\u0438\u044f \u0432\u043e\u043b\u043e\u0441\u0442\u043d\u043e\u0433\u043e \u0434\u043e\u043c\u0430 \u0412\u0430\u0439\u0432\u0430\u0440\u0430<\/h3><\/div><\/a><a class=\"gallery_picture\" href=\"http:\/\/www.remet.ee\/wp-content\/uploads\/2018\/04\/16-1998.6-Hotell-Olu\u0308mpia-rekonstrueerimisto\u0308o\u0308d.jpg\" data-fancybox=\"gallery-448\"><div class=\"gallery_picture-wrap\"><img decoding=\"async\" src=\"http:\/\/www.remet.ee\/wp-content\/uploads\/2018\/04\/16-1998.6-Hotell-Olu\u0308mpia-rekonstrueerimisto\u0308o\u0308d-271x198.jpg\" \/><h3 class=\"gallery-title\">\u0420\u0435\u043a\u043e\u043d\u0441\u0442\u0440\u0443\u043a\u0446\u0438\u044f \u043e\u0442\u0435\u043b\u044f \u041e\u043b\u0438\u043c\u043f\u0438\u044f<\/h3><\/div><\/a><a class=\"gallery_picture\" href=\"http:\/\/www.remet.ee\/wp-content\/uploads\/2018\/04\/17-2002.11.-Teater-Estonia-rekonstrueerimisto\u0308o\u0308d.jpg\" data-fancybox=\"gallery-448\"><div class=\"gallery_picture-wrap\"><img decoding=\"async\" src=\"http:\/\/www.remet.ee\/wp-content\/uploads\/2018\/04\/17-2002.11.-Teater-Estonia-rekonstrueerimisto\u0308o\u0308d-271x198.jpg\" \/><h3 class=\"gallery-title\">\u0420\u0435\u043a\u043e\u043d\u0441\u0442\u0440\u0443\u043a\u0446\u0438\u044f \u0422\u0435\u0430\u0442\u0440\u0430 \u042d\u0441\u0442\u043e\u043d\u0438\u0438<\/h3><\/div><\/a><a class=\"gallery_picture\" href=\"http:\/\/www.remet.ee\/wp-content\/uploads\/2018\/04\/18-1998.3-Tallinna-Linnavolikogu-hoone-renoveerimisto\u0308o\u0308d.jpg\" data-fancybox=\"gallery-448\"><div class=\"gallery_picture-wrap\"><img decoding=\"async\" src=\"http:\/\/www.remet.ee\/wp-content\/uploads\/2018\/04\/18-1998.3-Tallinna-Linnavolikogu-hoone-renoveerimisto\u0308o\u0308d-271x198.jpg\" \/><h3 class=\"gallery-title\">\u0420\u0435\u043d\u043e\u0432\u0430\u0446\u0438\u044f \u0437\u0434\u0430\u043d\u0438\u044f Ta\u043b\u043b\u0438\u043d\u0441\u043a\u043e\u0433\u043e \u0433\u043e\u0440\u043e\u0434\u0441\u043a\u043e\u0433\u043e \u0441\u043e\u0431\u0440\u0430\u043d\u0438\u044f<\/h3><\/div><\/a><a class=\"gallery_picture\" href=\"http:\/\/www.remet.ee\/wp-content\/uploads\/2018\/04\/19-...-Sa\u0308a\u0308stumarketi-ehitusto\u0308o\u0308d.jpg\" data-fancybox=\"gallery-448\"><div class=\"gallery_picture-wrap\"><img decoding=\"async\" src=\"http:\/\/www.remet.ee\/wp-content\/uploads\/2018\/04\/19-...-Sa\u0308a\u0308stumarketi-ehitusto\u0308o\u0308d-271x198.jpg\" \/><h3 class=\"gallery-title\">\u0421\u0442\u043e\u0440\u043e\u0438\u0442\u0435\u043b\u044c\u043d\u044b\u0435 \u0440\u0430\u0431\u043e\u0442\u044b \u043c\u0430\u0433\u0430\u0437\u0438\u043d\u0430 S\u00e4\u00e4stumarket<\/h3><\/div><\/a><a class=\"gallery_picture\" href=\"http:\/\/www.remet.ee\/wp-content\/uploads\/2018\/04\/20-2006.1-Tallinna-Loomaaia-lo\u0303vide-ekspositsiooni-ehitusto\u0308o\u0308d.jpg\" data-fancybox=\"gallery-448\"><div class=\"gallery_picture-wrap\"><img decoding=\"async\" src=\"http:\/\/www.remet.ee\/wp-content\/uploads\/2018\/04\/20-2006.1-Tallinna-Loomaaia-lo\u0303vide-ekspositsiooni-ehitusto\u0308o\u0308d-271x198.jpg\" \/><h3 class=\"gallery-title\">\u0421\u0442\u043e\u0440\u043e\u0438\u0442\u0435\u043b\u044c\u043d\u044b\u0435 \u0440\u0430\u0431\u043e\u0442\u044b \u044d\u043a\u0441\u043f\u043e\u0437\u0438\u0446\u0438\u0438 \u043b\u044c\u0432\u043e\u0432 \u0432 \u0422\u0430\u043b\u043b\u0438\u043d\u043d\u0441\u043a\u043e\u043c \u0437\u043e\u043e\u043f\u0430\u0440\u043a\u0435<\/h3><\/div><\/a><a class=\"gallery_picture\" href=\"http:\/\/www.remet.ee\/wp-content\/uploads\/2018\/04\/21-1998.2-Riigiprokuratuuri-hoone-renoveerimisto\u0308o\u0308d.jpg\" data-fancybox=\"gallery-448\"><div class=\"gallery_picture-wrap\"><img decoding=\"async\" src=\"http:\/\/www.remet.ee\/wp-content\/uploads\/2018\/04\/21-1998.2-Riigiprokuratuuri-hoone-renoveerimisto\u0308o\u0308d-271x198.jpg\" \/><h3 class=\"gallery-title\">\u0420\u0435\u0441\u0442\u0430\u0432\u0440\u0430\u0446\u0438\u044f \u043c\u0443\u0437\u0435\u044f J.Laidoner'\u0430<\/h3><\/div><\/a><a class=\"gallery_picture\" href=\"http:\/\/www.remet.ee\/wp-content\/uploads\/2018\/04\/22-....-Alu-mo\u0303isa-renoveermisto\u0308o\u0308d.jpg\" data-fancybox=\"gallery-448\"><div class=\"gallery_picture-wrap\"><img decoding=\"async\" src=\"http:\/\/www.remet.ee\/wp-content\/uploads\/2018\/04\/22-....-Alu-mo\u0303isa-renoveermisto\u0308o\u0308d-271x198.jpg\" \/><h3 class=\"gallery-title\">\u0420\u0435\u043d\u043e\u0432\u0430\u0446\u0438\u044f \u0443\u0441\u0430\u0434\u044c\u0431\u044b Alu<\/h3><\/div><\/a><a class=\"gallery_picture\" href=\"http:\/\/www.remet.ee\/wp-content\/uploads\/2018\/04\/23-2010.2-Va\u0308a\u0308tsa-mo\u0303isa-park-rekonstrueerimisto\u0308o\u0308d.jpg\" data-fancybox=\"gallery-448\"><div class=\"gallery_picture-wrap\"><img decoding=\"async\" src=\"http:\/\/www.remet.ee\/wp-content\/uploads\/2018\/04\/23-2010.2-Va\u0308a\u0308tsa-mo\u0303isa-park-rekonstrueerimisto\u0308o\u0308d-271x198.jpg\" \/><h3 class=\"gallery-title\">\u0420\u0435\u043a\u043e\u043d\u0441\u0442\u0440\u0443\u043a\u0446\u0438\u044f \u043f\u0430\u0440\u043a\u0430 \u0443\u0441\u0430\u0434\u044c\u0431\u044b V\u00e4\u00e4tsa<\/h3><\/div><\/a><a class=\"gallery_picture\" href=\"http:\/\/www.remet.ee\/wp-content\/uploads\/2018\/04\/24-2008.7-Tallinna-Loomaia-elevantide-maja-ehitusto\u0308o\u0308d.jpg\" data-fancybox=\"gallery-448\"><div class=\"gallery_picture-wrap\"><img decoding=\"async\" src=\"http:\/\/www.remet.ee\/wp-content\/uploads\/2018\/04\/24-2008.7-Tallinna-Loomaia-elevantide-maja-ehitusto\u0308o\u0308d-271x198.jpg\" \/><h3 class=\"gallery-title\">\u0421\u0442\u043e\u0440\u043e\u0438\u0442\u0435\u043b\u044c\u043d\u044b\u0435 \u0440\u0430\u0431\u043e\u0442\u044b \u0434\u043e\u043c\u0430 \u0441\u043b\u043e\u043d\u043e\u0432 \u0432 \u0422\u0430\u043b\u043b\u0438\u043d\u043d\u0441\u043a\u043e\u043c \u0437\u043e\u043e\u043f\u0430\u0440\u043a\u0435<\/h3><\/div><\/a><a class=\"gallery_picture\" href=\"http:\/\/www.remet.ee\/wp-content\/uploads\/2018\/04\/25-2010.4-Salme-kultuurikeskuse-osaline-rekonstrueerimine.jpg\" data-fancybox=\"gallery-448\"><div class=\"gallery_picture-wrap\"><img decoding=\"async\" src=\"http:\/\/www.remet.ee\/wp-content\/uploads\/2018\/04\/25-2010.4-Salme-kultuurikeskuse-osaline-rekonstrueerimine-271x198.jpg\" \/><h3 class=\"gallery-title\">\u0427\u0430\u0441\u0442\u0438\u0447\u043d\u0430\u044f \u0440\u0435\u043a\u043e\u043d\u0441\u0442\u0440\u0443\u043a\u0446\u0438\u044f \u043a\u0443\u043b\u044c\u0442\u0443\u0440\u043d\u043e\u0433\u043e \u0446\u0435\u043d\u0442\u0440\u0430 C\u0430\u043b\u044c\u043c\u0435<\/h3><\/div><\/a><a class=\"gallery_picture\" href=\"http:\/\/www.remet.ee\/wp-content\/uploads\/2018\/04\/26-2002.14-J.Laidoneri-muuseumi-restaureermisto\u0308o\u0308d.jpg\" data-fancybox=\"gallery-448\"><div class=\"gallery_picture-wrap\"><img decoding=\"async\" src=\"http:\/\/www.remet.ee\/wp-content\/uploads\/2018\/04\/26-2002.14-J.Laidoneri-muuseumi-restaureermisto\u0308o\u0308d-271x198.jpg\" \/><h3 class=\"gallery-title\">\u0420\u0435\u0441\u0442\u0430\u0432\u0440\u0430\u0446\u0438\u044f \u043c\u0443\u0437\u0435\u044f J.Laidoner'\u0430<\/h3><\/div><\/a><a class=\"gallery_picture\" href=\"http:\/\/www.remet.ee\/wp-content\/uploads\/2018\/04\/27-...-Viljandi-Vangla-rekonstrueerimisto\u0308o\u0308d.jpg\" data-fancybox=\"gallery-448\"><div class=\"gallery_picture-wrap\"><img decoding=\"async\" src=\"http:\/\/www.remet.ee\/wp-content\/uploads\/2018\/04\/27-...-Viljandi-Vangla-rekonstrueerimisto\u0308o\u0308d-271x198.jpg\" \/><h3 class=\"gallery-title\">\u0420\u0435\u043a\u043e\u043d\u0441\u0442\u0440\u0443\u043a\u0446\u0438\u044f \u0442\u044e\u0440\u044c\u043c\u044b \u0432 \u0412\u0438\u043b\u044c\u044f\u043d\u0434\u0438<\/h3><\/div><\/a><\/div><div class=\"clr\"><\/div><\/div>\n","protected":false},"excerpt":{"rendered":"\u0421\u0442\u043e\u0440\u043e\u0438\u0442\u0435\u043b\u044c\u043d\u044b\u0435 \u0440\u0430\u0431\u043e\u0442\u044b \u0442\u043e\u0440\u0433\u043e\u0432\u043e\u0433\u043e \u0446\u0435\u043d\u0442\u0440\u0430 NarvaCentrum\u0421\u0442\u043e\u0440\u043e\u0438\u0442\u0435\u043b\u044c\u043d\u044b\u0435 \u0440\u0430\u0431\u043e\u0442\u044b \u041a\u043e\u043d\u0446\u0435\u0440\u0442\u0433\u043e\u0448\u043e \u0434\u043e\u043c\u0430 \u041f\u044f\u0440\u043d\u0443\u0420\u0435\u0441\u0442\u0430\u0432\u0440\u0430\u0446\u0438\u044f Kiek in de K\u00d6K\u0421\u0442\u043e\u0440\u043e\u0438\u0442\u0435\u043b\u044c\u043d\u044b\u0435 \u0440\u0430\u0431\u043e\u0442\u044b \u0434\u043e\u043c\u0430 \u043b\u0435\u0441\u043d\u0438\u043a\u0430 \u043e\u0442 \u0426\u0435\u043d\u0442\u0440\u0430 \u0423\u043f\u0440\u0430\u0432\u043b\u0435\u043d\u0438\u044f \u0413\u043e\u0441\u0443\u0434\u0430\u0440\u0441\u0442\u0432\u0435\u043d\u043d\u044b\u043c\u0438 \u041b\u0435\u0441\u0430\u043c\u0438 \u0420\u0435\u043a\u043e\u043d\u0441\u0442\u0440\u0443\u043a\u0446\u0438\u044f \u043e\u0442\u043a\u0440\u044b\u0442\u043e\u0433\u043e \u043c\u043e\u043b\u043e\u0434\u0451\u0436\u043d\u043e\u0433\u043e \u0446\u0435\u043d\u0442\u0440\u0430 \u041a\u0443\u0440\u0435\u0441\u0441\u0430\u0430\u0440\u0435\u0420\u0435\u043d\u043e\u0432\u0430\u0446\u0438\u044f \u0422\u0430\u043b\u043b\u0438\u043d\u0441\u043a\u043e\u0433\u043e \u0446\u0435\u043d\u0442\u0440\u0430\u043b\u044c\u043d\u043e\u0433\u043e \u043f\u043e\u043b\u0438\u0446\u0435\u0439\u0441\u043a\u043e\u0433\u043e \u0443\u0447\u0430\u0441\u0442\u043a\u0430\u0421\u0442\u043e\u0440\u043e\u0438\u0442\u0435\u043b\u044c\u043d\u044b\u0435 \u0440\u0430\u0431\u043e\u0442\u044b \u0430\u0432\u0442\u043e\u0431\u0443\u0441\u043d\u043e\u0433\u043e \u0442\u0435\u0440\u043c\u0438\u043d\u0430\u043b\u0430 \u0432 \u0442\u043e\u0440\u0433\u043e\u0432\u043e\u043c \u0446\u0435\u043d\u0442\u0440 \u0412\u0438\u0440\u0443\u041d\u0430\u0434\u0441\u0442\u0440\u043e\u0439\u043a\u0430 6-\u0433\u043e \u044d\u0442\u0430\u0436\u0430 \u0432 \u043e\u0442\u0435\u043b\u0435 Reval Hotel Central\u0420\u0435\u043a\u043e\u043d\u0441\u0442\u0440\u0443\u043a\u0446\u0438\u044f \u0432\u043e\u0435\u043d\u043d\u043e\u0433\u043e \u0433\u043e\u0440\u043e\u0434\u043a\u0430 \u043d\u0430 \u0443\u043b\u0438\u0446\u0435 Filtri\u0420\u0435\u043c\u043e\u043d\u0442\u043d\u044b\u0435 \u0440\u0430\u0431\u043e\u0442\u044b \u042d\u0441\u0442\u043e\u043d\u0441\u043a\u043e\u0439 \u041d\u0430\u0446\u0438\u043e\u043d\u0430\u043b\u044c\u043d\u043e\u0439 \u0431\u0438\u0431\u043b\u0438\u043e\u0442\u0435\u043a\u0438\u041f\u0440\u0438\u0441\u0442\u0440\u043e\u0439\u043a\u0430 \u043a \u041c\u0443\u0437\u0435\u044e...","protected":false},"author":1,"featured_media":0,"parent":730,"menu_order":0,"comment_status":"closed","ping_status":"closed","template":"","meta":{"_acf_changed":false,"footnotes":""},"class_list":["post-748","page","type-page","status-publish","hentry"],"acf":[],"yoast_head":"<!-- This site is optimized with the Yoast SEO plugin v25.6 - https:\/\/yoast.com\/wordpress\/plugins\/seo\/ -->\n<title>REMET EHITUSETTEV\u00d5TE - \u041e\u0431\u0449\u0435\u0441\u0442\u0432\u0435\u043d\u043d\u044b\u0435 \u0437\u0434\u0430\u043d\u0438\u044f - AS Remet<\/title>\n<meta name=\"description\" content=\"Remet ehitus on ehitusettev\u00f5te, mis on loodud 1990. aastal. AS Remet pakub koos oma inseneridest koosneva meeskonnaga juhtimist ehituse peat\u00f6\u00f6v\u00f5tu meetodil k.a. projekteerimis-ehituse peat\u00f6\u00f6v\u00f5tt.\" \/>\n<meta name=\"robots\" content=\"index, follow, max-snippet:-1, max-image-preview:large, max-video-preview:-1\" \/>\n<link rel=\"canonical\" href=\"http:\/\/www.remet.ee\/tehtud-tood\/uhiskondlikud-hooned\/\" \/>\n<meta property=\"og:locale\" content=\"ru_RU\" \/>\n<meta property=\"og:type\" content=\"article\" \/>\n<meta property=\"og:title\" content=\"REMET EHITUSETTEV\u00d5TE - \u041e\u0431\u0449\u0435\u0441\u0442\u0432\u0435\u043d\u043d\u044b\u0435 \u0437\u0434\u0430\u043d\u0438\u044f - AS Remet\" \/>\n<meta property=\"og:description\" content=\"Remet ehitus on ehitusettev\u00f5te, mis on loodud 1990. aastal. AS Remet pakub koos oma inseneridest koosneva meeskonnaga juhtimist ehituse peat\u00f6\u00f6v\u00f5tu meetodil k.a. projekteerimis-ehituse peat\u00f6\u00f6v\u00f5tt.\" \/>\n<meta property=\"og:url\" content=\"http:\/\/www.remet.ee\/tehtud-tood\/uhiskondlikud-hooned\/\" \/>\n<meta property=\"og:site_name\" content=\"REMET EHITUSETTEV\u00d5TE\" \/>\n<meta name=\"twitter:card\" content=\"summary_large_image\" \/>\n<script type=\"application\/ld+json\" class=\"yoast-schema-graph\">{\"@context\":\"https:\/\/schema.org\",\"@graph\":[{\"@type\":\"WebPage\",\"@id\":\"http:\/\/www.remet.ee\/tehtud-tood\/uhiskondlikud-hooned\/\",\"url\":\"http:\/\/www.remet.ee\/tehtud-tood\/uhiskondlikud-hooned\/\",\"name\":\"REMET EHITUSETTEV\u00d5TE - \u041e\u0431\u0449\u0435\u0441\u0442\u0432\u0435\u043d\u043d\u044b\u0435 \u0437\u0434\u0430\u043d\u0438\u044f - AS Remet\",\"isPartOf\":{\"@id\":\"http:\/\/www.remet.ee\/#website\"},\"datePublished\":\"2018-05-07T08:54:30+00:00\",\"description\":\"Remet ehitus on ehitusettev\u00f5te, mis on loodud 1990. aastal. AS Remet pakub koos oma inseneridest koosneva meeskonnaga juhtimist ehituse peat\u00f6\u00f6v\u00f5tu meetodil k.a. projekteerimis-ehituse peat\u00f6\u00f6v\u00f5tt.\",\"breadcrumb\":{\"@id\":\"http:\/\/www.remet.ee\/tehtud-tood\/uhiskondlikud-hooned\/#breadcrumb\"},\"inLanguage\":\"ru-RU\",\"potentialAction\":[{\"@type\":\"ReadAction\",\"target\":[\"http:\/\/www.remet.ee\/tehtud-tood\/uhiskondlikud-hooned\/\"]}]},{\"@type\":\"BreadcrumbList\",\"@id\":\"http:\/\/www.remet.ee\/tehtud-tood\/uhiskondlikud-hooned\/#breadcrumb\",\"itemListElement\":[{\"@type\":\"ListItem\",\"position\":1,\"name\":\"Home\",\"item\":\"http:\/\/www.remet.ee\/\"},{\"@type\":\"ListItem\",\"position\":2,\"name\":\"\u0412\u044b\u043f\u043e\u043b\u043d\u0435\u043d\u043d\u044b\u0435 \u043f\u0440\u043e\u0435\u043a\u0442\u044b\",\"item\":\"http:\/\/www.remet.ee\/tehtud-tood\/\"},{\"@type\":\"ListItem\",\"position\":3,\"name\":\"\u041e\u0431\u0449\u0435\u0441\u0442\u0432\u0435\u043d\u043d\u044b\u0435 \u0437\u0434\u0430\u043d\u0438\u044f\"}]},{\"@type\":\"WebSite\",\"@id\":\"http:\/\/www.remet.ee\/#website\",\"url\":\"http:\/\/www.remet.ee\/\",\"name\":\"REMET EHITUSETTEV\u00d5TE\",\"description\":\"Ehitusettev\u00f5te Remet omab kogemust ehituses aastast 1989\",\"potentialAction\":[{\"@type\":\"SearchAction\",\"target\":{\"@type\":\"EntryPoint\",\"urlTemplate\":\"http:\/\/www.remet.ee\/?s={search_term_string}\"},\"query-input\":{\"@type\":\"PropertyValueSpecification\",\"valueRequired\":true,\"valueName\":\"search_term_string\"}}],\"inLanguage\":\"ru-RU\"}]}<\/script>\n<!-- \/ Yoast SEO plugin. -->","yoast_head_json":{"title":"REMET EHITUSETTEV\u00d5TE - \u041e\u0431\u0449\u0435\u0441\u0442\u0432\u0435\u043d\u043d\u044b\u0435 \u0437\u0434\u0430\u043d\u0438\u044f - AS Remet","description":"Remet ehitus on ehitusettev\u00f5te, mis on loodud 1990. aastal. AS Remet pakub koos oma inseneridest koosneva meeskonnaga juhtimist ehituse peat\u00f6\u00f6v\u00f5tu meetodil k.a. projekteerimis-ehituse peat\u00f6\u00f6v\u00f5tt.","robots":{"index":"index","follow":"follow","max-snippet":"max-snippet:-1","max-image-preview":"max-image-preview:large","max-video-preview":"max-video-preview:-1"},"canonical":"http:\/\/www.remet.ee\/tehtud-tood\/uhiskondlikud-hooned\/","og_locale":"ru_RU","og_type":"article","og_title":"REMET EHITUSETTEV\u00d5TE - \u041e\u0431\u0449\u0435\u0441\u0442\u0432\u0435\u043d\u043d\u044b\u0435 \u0437\u0434\u0430\u043d\u0438\u044f - AS Remet","og_description":"Remet ehitus on ehitusettev\u00f5te, mis on loodud 1990. aastal. AS Remet pakub koos oma inseneridest koosneva meeskonnaga juhtimist ehituse peat\u00f6\u00f6v\u00f5tu meetodil k.a. projekteerimis-ehituse peat\u00f6\u00f6v\u00f5tt.","og_url":"http:\/\/www.remet.ee\/tehtud-tood\/uhiskondlikud-hooned\/","og_site_name":"REMET EHITUSETTEV\u00d5TE","twitter_card":"summary_large_image","schema":{"@context":"https:\/\/schema.org","@graph":[{"@type":"WebPage","@id":"http:\/\/www.remet.ee\/tehtud-tood\/uhiskondlikud-hooned\/","url":"http:\/\/www.remet.ee\/tehtud-tood\/uhiskondlikud-hooned\/","name":"REMET EHITUSETTEV\u00d5TE - \u041e\u0431\u0449\u0435\u0441\u0442\u0432\u0435\u043d\u043d\u044b\u0435 \u0437\u0434\u0430\u043d\u0438\u044f - AS Remet","isPartOf":{"@id":"http:\/\/www.remet.ee\/#website"},"datePublished":"2018-05-07T08:54:30+00:00","description":"Remet ehitus on ehitusettev\u00f5te, mis on loodud 1990. aastal. AS Remet pakub koos oma inseneridest koosneva meeskonnaga juhtimist ehituse peat\u00f6\u00f6v\u00f5tu meetodil k.a. projekteerimis-ehituse peat\u00f6\u00f6v\u00f5tt.","breadcrumb":{"@id":"http:\/\/www.remet.ee\/tehtud-tood\/uhiskondlikud-hooned\/#breadcrumb"},"inLanguage":"ru-RU","potentialAction":[{"@type":"ReadAction","target":["http:\/\/www.remet.ee\/tehtud-tood\/uhiskondlikud-hooned\/"]}]},{"@type":"BreadcrumbList","@id":"http:\/\/www.remet.ee\/tehtud-tood\/uhiskondlikud-hooned\/#breadcrumb","itemListElement":[{"@type":"ListItem","position":1,"name":"Home","item":"http:\/\/www.remet.ee\/"},{"@type":"ListItem","position":2,"name":"\u0412\u044b\u043f\u043e\u043b\u043d\u0435\u043d\u043d\u044b\u0435 \u043f\u0440\u043e\u0435\u043a\u0442\u044b","item":"http:\/\/www.remet.ee\/tehtud-tood\/"},{"@type":"ListItem","position":3,"name":"\u041e\u0431\u0449\u0435\u0441\u0442\u0432\u0435\u043d\u043d\u044b\u0435 \u0437\u0434\u0430\u043d\u0438\u044f"}]},{"@type":"WebSite","@id":"http:\/\/www.remet.ee\/#website","url":"http:\/\/www.remet.ee\/","name":"REMET EHITUSETTEV\u00d5TE","description":"Ehitusettev\u00f5te Remet omab kogemust ehituses aastast 1989","potentialAction":[{"@type":"SearchAction","target":{"@type":"EntryPoint","urlTemplate":"http:\/\/www.remet.ee\/?s={search_term_string}"},"query-input":{"@type":"PropertyValueSpecification","valueRequired":true,"valueName":"search_term_string"}}],"inLanguage":"ru-RU"}]}},"_links":{"self":[{"href":"http:\/\/www.remet.ee\/ru\/wp-json\/wp\/v2\/pages\/748"}],"collection":[{"href":"http:\/\/www.remet.ee\/ru\/wp-json\/wp\/v2\/pages"}],"about":[{"href":"http:\/\/www.remet.ee\/ru\/wp-json\/wp\/v2\/types\/page"}],"author":[{"embeddable":true,"href":"http:\/\/www.remet.ee\/ru\/wp-json\/wp\/v2\/users\/1"}],"replies":[{"embeddable":true,"href":"http:\/\/www.remet.ee\/ru\/wp-json\/wp\/v2\/comments?post=748"}],"version-history":[{"count":2,"href":"http:\/\/www.remet.ee\/ru\/wp-json\/wp\/v2\/pages\/748\/revisions"}],"predecessor-version":[{"id":750,"href":"http:\/\/www.remet.ee\/ru\/wp-json\/wp\/v2\/pages\/748\/revisions\/750"}],"up":[{"embeddable":true,"href":"http:\/\/www.remet.ee\/ru\/wp-json\/wp\/v2\/pages\/730"}],"wp:attachment":[{"href":"http:\/\/www.remet.ee\/ru\/wp-json\/wp\/v2\/media?parent=748"}],"curies":[{"name":"wp","href":"https:\/\/api.w.org\/{rel}","templated":true}]}}